{"id":1537,"date":"2020-06-30T08:44:19","date_gmt":"2020-06-30T08:44:19","guid":{"rendered":"https:\/\/vicaria6.bizkeliza.net\/?page_id=1537"},"modified":"2020-07-23T09:55:00","modified_gmt":"2020-07-23T09:55:00","slug":"podemso-hablar-un-rato","status":"publish","type":"page","link":"https:\/\/vicaria6.bizkeliza.net\/?page_id=1537","title":{"rendered":"\u00bfPodemos hablar un rato?"},"content":{"rendered":"<p><img fetchpriority=\"high\" decoding=\"async\" class=\"wp-image-1962 aligncenter\" src=\"https:\/\/vicaria6.bizkeliza.net\/wp-content\/uploads\/2020\/07\/habla-300x181.jpg\" alt=\"\" width=\"486\" height=\"293\" srcset=\"https:\/\/vicaria6.bizkeliza.net\/wp-content\/uploads\/2020\/07\/habla-300x181.jpg 300w, https:\/\/vicaria6.bizkeliza.net\/wp-content\/uploads\/2020\/07\/habla-1024x617.jpg 1024w, https:\/\/vicaria6.bizkeliza.net\/wp-content\/uploads\/2020\/07\/habla-768x463.jpg 768w, https:\/\/vicaria6.bizkeliza.net\/wp-content\/uploads\/2020\/07\/habla.jpg 1100w\" sizes=\"(max-width: 486px) 100vw, 486px\" \/><\/p>\n<p><span style=\"color: #ff6600;\"><strong>Tal vez lo que te ha traido hasta aqu\u00ed sea la busqueda de informaci\u00f3n, documentaci\u00f3n &#8230; o tal vez quieras estar con un sacerdote o alguien que te pueda escuchar&#8230;<\/strong><\/span><\/p>\n<p>&nbsp;<\/p>\n<p><img decoding=\"async\" class=\" wp-image-1963 alignleft\" src=\"https:\/\/vicaria6.bizkeliza.net\/wp-content\/uploads\/2020\/07\/soledad-3.jpg\" alt=\"\" width=\"242\" height=\"151\" \/><\/p>\n<p>La vida es un misterio y con \u00e9l llegan las dudas, tal vez te encuentres en uno de esos momentos y necesites hablar con alguien que pueda ayudarte. Son muchos los momentos que quisieramos hablar con alguien que nos acompa\u00f1e sin juzgar, dejar que nos ilumine, poder escucharnos en voz alta&#8230;<\/p>\n<p>Queremos estar cerca,\u00a0 puedes acercarte a tu parroquia m\u00e1s cercana y si estas \u00a0por la nuestra zona &#8211; Txorierri, Munguia, Uribe Kosta,\u00a0 Erandio&#8230;.- <strong><span style=\"color: #ff6600;\">puedes escribirnos al correo anuciovicariasexta@gmail.como o por wassap al\u00a0 688722780<\/span><\/strong><\/p>\n<h1><span style=\"color: #0000ff;\">\u00bfQu\u00e9 es la Red de Escucha de la di\u00f3cesis de Bilbao?<\/span><\/h1>\n<div class=\"extra\">\u00a0<time datetime=\"2019-01-12\">12.01.2019\u00a0<\/time>|\u00a0 \u00a0Bizkeliza<\/div>\n<div><\/div>\n<div class=\"row\">\n<div class=\"col-md-8\">\n<div class=\"lead\">\n<p>C<img decoding=\"async\" class=\"size-medium wp-image-1964 alignleft\" src=\"https:\/\/vicaria6.bizkeliza.net\/wp-content\/uploads\/2020\/07\/soledad-en-compa\u00f1ia-300x167.jpg\" alt=\"\" width=\"300\" height=\"167\" srcset=\"https:\/\/vicaria6.bizkeliza.net\/wp-content\/uploads\/2020\/07\/soledad-en-compa\u00f1ia-300x167.jpg 300w, https:\/\/vicaria6.bizkeliza.net\/wp-content\/uploads\/2020\/07\/soledad-en-compa\u00f1ia.jpg 577w\" sizes=\"(max-width: 300px) 100vw, 300px\" \/>omenz\u00f3 a dar sus\u00a0<strong>primeros pasos el a\u00f1o 2016<\/strong>\u00a0a iniciativa de la Delegaci\u00f3n de Caridad y Justicia. La red se conform\u00f3 porque se constataba que eran cada vez m\u00e1s las personas que se acercaban a las parroquias en busca de escucha, soporte emocional o acompa\u00f1amiento espiritual. De este modo, se form\u00f3 a un grupo de personas voluntarias para acompa\u00f1ar a otras que estaban pasando por momentos delicados. En este momento hay\u00a0<strong>un grupo de 15 personas voluntarias prepar\u00e1ndose para incorporarse a la red. Hoy<\/strong>\u00a0<strong>recibir\u00e1n una sesi\u00f3n formativa<\/strong>, a cargo de\u00a0<strong><em>Rosa M\u00aa Mart\u00ednez<\/em><\/strong>, de la\u00a0<em>Fundaci\u00f3n Lagungo<\/em>, sobre c\u00f3mo acompa\u00f1ar en el duelo.<\/p>\n<\/div>\n<div class=\"news-text-wrap\">\n<p>La\u00a0<strong>Red de Escucha<\/strong>\u00a0que se activ\u00f3 en la\u00a0<strong>Margen Izquierda, Uribe-Kosta y Durangaldea<\/strong>\u00a0prosigue acompa\u00f1ando a personas que est\u00e1n sufriendo por diversas razones: \u201cla soledad, la reciente p\u00e9rdida de un ser querido, dificultades en las relaciones personales\u2026\u201d, se\u00f1alan desde la organizaci\u00f3n.<\/p>\n<p>Hoy, la psic\u00f3loga especialista en duelo\u00a0<strong>Rosa M\u00aa Mart\u00ednez<\/strong>, ofrecer\u00e1 a las personas que est\u00e1n realizando la formaci\u00f3n, algunas claves para saber cu\u00e1l es la mejor manera de acompa\u00f1ar cuando se ha tenido una p\u00e9rdida significativa.<\/p>\n<p>La especialista del centro de familiar Lagungo, tiene una amplia experiencia en procesos de duelo con personas\u00a0<strong>v\u00edctimas de terrorismo,<\/strong>\u00a0<strong>padres y madres que han perdido a sus hijos<\/strong>\u00a0o con\u00a0<strong>personas que han perdido a sus c\u00f3nyuges<\/strong>, entre otros. Puedes contactar en el n\u00famero: <span style=\"color: #0000ff;\">688801737<\/span><\/p>\n<\/div>\n<\/div>\n<\/div>\n<p>&nbsp;<\/p>\n<p>&nbsp;<\/p>\n","protected":false},"excerpt":{"rendered":"<p>Tal vez lo que te ha traido hasta aqu\u00ed sea la busqueda de informaci\u00f3n, documentaci\u00f3n &#8230; o tal vez quieras estar con un sacerdote o alguien que te pueda escuchar&#8230; &nbsp; La vida es un misterio y con \u00e9l llegan las dudas, tal vez te encuentres en uno de esos momentos y necesites hablar con alguien que pueda ayudarte. Son muchos los momentos que quisieramos hablar con alguien que nos acompa\u00f1e sin juzgar, dejar que nos ilumine, poder escucharnos en voz alta&#8230; Queremos estar cerca,\u00a0 puedes acercarte a tu parroquia m\u00e1s cercana y si estas \u00a0por la nuestra zona &#8211; Txorierri, Munguia, Uribe Kosta,\u00a0 Erandio&#8230;.- puedes escribirnos al correo anuciovicariasexta@gmail.como o por wassap al\u00a0 688722780 \u00bfQu\u00e9 es la Red de Escucha de la di\u00f3cesis de Bilbao? \u00a012.01.2019\u00a0|\u00a0 \u00a0Bizkeliza Comenz\u00f3 a dar sus\u00a0primeros pasos el a\u00f1o 2016\u00a0a iniciativa de la Delegaci\u00f3n de Caridad y Justicia. La red se conform\u00f3 porque se constataba que eran cada vez m\u00e1s las personas que se acercaban a las parroquias en busca de escucha, soporte emocional o acompa\u00f1amiento espiritual. De este modo, se form\u00f3 a un grupo de personas voluntarias para acompa\u00f1ar a otras que estaban pasando por momentos delicados. En este momento hay\u00a0un grupo de 15 personas voluntarias prepar\u00e1ndose para incorporarse a la red. Hoy\u00a0recibir\u00e1n una sesi\u00f3n formativa, a cargo de\u00a0Rosa M\u00aa Mart\u00ednez, de la\u00a0Fundaci\u00f3n Lagungo, sobre c\u00f3mo acompa\u00f1ar en el duelo. La\u00a0Red de Escucha\u00a0que se activ\u00f3 en la\u00a0Margen Izquierda, Uribe-Kosta y Durangaldea\u00a0prosigue acompa\u00f1ando a personas que est\u00e1n sufriendo por diversas razones: \u201cla soledad, la reciente p\u00e9rdida de un ser querido, dificultades en las relaciones personales\u2026\u201d, se\u00f1alan desde la organizaci\u00f3n. Hoy, la psic\u00f3loga especialista en duelo\u00a0Rosa M\u00aa Mart\u00ednez, ofrecer\u00e1 a las personas que est\u00e1n realizando la formaci\u00f3n, algunas claves para saber cu\u00e1l es la mejor manera de acompa\u00f1ar cuando se ha tenido una p\u00e9rdida significativa. La especialista del centro de familiar Lagungo, tiene una amplia experiencia en procesos de duelo con personas\u00a0v\u00edctimas de terrorismo,\u00a0padres y madres que han perdido a sus hijos\u00a0o con\u00a0personas que han perdido a sus c\u00f3nyuges, entre otros. Puedes contactar en el n\u00famero: 688801737 &nbsp; &nbsp;<\/p>\n","protected":false},"author":1,"featured_media":0,"parent":0,"menu_order":0,"comment_status":"closed","ping_status":"closed","template":"","meta":{"footnotes":""},"class_list":["post-1537","page","type-page","status-publish","hentry"],"aioseo_notices":[],"acf":[],"_links":{"self":[{"href":"https:\/\/vicaria6.bizkeliza.net\/index.php?rest_route=\/wp\/v2\/pages\/1537","targetHints":{"allow":["GET"]}}],"collection":[{"href":"https:\/\/vicaria6.bizkeliza.net\/index.php?rest_route=\/wp\/v2\/pages"}],"about":[{"href":"https:\/\/vicaria6.bizkeliza.net\/index.php?rest_route=\/wp\/v2\/types\/page"}],"author":[{"embeddable":true,"href":"https:\/\/vicaria6.bizkeliza.net\/index.php?rest_route=\/wp\/v2\/users\/1"}],"replies":[{"embeddable":true,"href":"https:\/\/vicaria6.bizkeliza.net\/index.php?rest_route=%2Fwp%2Fv2%2Fcomments&post=1537"}],"version-history":[{"count":6,"href":"https:\/\/vicaria6.bizkeliza.net\/index.php?rest_route=\/wp\/v2\/pages\/1537\/revisions"}],"predecessor-version":[{"id":1966,"href":"https:\/\/vicaria6.bizkeliza.net\/index.php?rest_route=\/wp\/v2\/pages\/1537\/revisions\/1966"}],"wp:attachment":[{"href":"https:\/\/vicaria6.bizkeliza.net\/index.php?rest_route=%2Fwp%2Fv2%2Fmedia&parent=1537"}],"curies":[{"name":"wp","href":"https:\/\/api.w.org\/{rel}","templated":true}]}}