{"id":393,"date":"2020-05-28T11:08:07","date_gmt":"2020-05-28T11:08:07","guid":{"rendered":"https:\/\/vicaria6.bizkeliza.net\/?page_id=393"},"modified":"2020-06-08T19:25:24","modified_gmt":"2020-06-08T19:25:24","slug":"0-6-anos","status":"publish","type":"page","link":"https:\/\/vicaria6.bizkeliza.net\/?page_id=393","title":{"rendered":"0-6 A\u00f1os"},"content":{"rendered":"<div id=\"fws_5ed52888824af\" class=\"wpb_row vc_row-fluid vc_row standard_section \" data-midnight=\"dark\" data-bg-mobile-hidden=\"\">\n<div class=\"col span_12 dark left\">\n<div class=\"vc_col-sm-8 wpb_column column_container vc_column_container col no-extra-padding instance-2\" data-t-w-inherits=\"default\" data-border-radius=\"none\" data-shadow=\"none\" data-border-animation=\"\" data-border-animation-delay=\"\" data-border-width=\"none\" data-border-style=\"solid\" data-border-color=\"\" data-bg-cover=\"\" data-padding-pos=\"all\" data-has-bg-color=\"false\" data-bg-color=\"\" data-bg-opacity=\"1\" data-hover-bg=\"\" data-hover-bg-opacity=\"1\" data-animation=\"\" data-delay=\"0\">\n<div class=\"vc_column-inner\">\n<div class=\"wpb_wrapper\">\n<div class=\"wpb_text_column wpb_content_element vc_custom_1528118922113\">\n<div class=\"wpb_wrapper\">\n<h1 style=\"text-align: center;\"><img decoding=\"async\" class=\"alignnone size-medium wp-image-1130\" src=\"https:\/\/vicaria6.bizkeliza.net\/wp-content\/uploads\/2020\/06\/Esnatu-Logo-300x84.png\" alt=\"\" width=\"300\" height=\"84\" srcset=\"https:\/\/vicaria6.bizkeliza.net\/wp-content\/uploads\/2020\/06\/Esnatu-Logo-300x84.png 300w, https:\/\/vicaria6.bizkeliza.net\/wp-content\/uploads\/2020\/06\/Esnatu-Logo.png 692w\" sizes=\"(max-width: 300px) 100vw, 300px\" \/><strong><span style=\"color: #7bc97b;\"><span style=\"vertical-align: inherit;\"><span style=\"vertical-align: inherit;\">es un itinerario de iniciaci\u00f3n cristiana dirigida a<\/span><\/span><span style=\"vertical-align: inherit;\"><span style=\"vertical-align: inherit;\">las familias con hijos e hijas de entre 0 y 6 a\u00f1os.<\/span><\/span><\/span><\/strong><\/h1>\n<\/div>\n<\/div>\n<p>&nbsp;<\/p>\n<\/div>\n<\/div>\n<h2><strong style=\"font-weight: bold !important;\"><span style=\"color: #ff6600;\">La vida vista por un peque\u00f1o&#8230;.<\/span><\/strong><\/h2>\n<\/div>\n<\/div>\n<p><iframe title=\"Cortometraje PEQUE\u00d1O\" width=\"960\" height=\"540\" src=\"https:\/\/www.youtube.com\/embed\/brYtzu8aH0c?feature=oembed\" frameborder=\"0\" allow=\"accelerometer; autoplay; encrypted-media; gyroscope; picture-in-picture\" allowfullscreen><\/iframe><\/p>\n<div class=\"col span_12 dark left\">\n<div class=\"column-bg-overlay\"><\/div>\n<div class=\"vc_col-sm-2 wpb_column column_container vc_column_container col no-extra-padding instance-3\" data-t-w-inherits=\"default\" data-border-radius=\"none\" data-shadow=\"none\" data-border-animation=\"\" data-border-animation-delay=\"\" data-border-width=\"none\" data-border-style=\"solid\" data-border-color=\"\" data-bg-cover=\"\" data-padding-pos=\"all\" data-has-bg-color=\"false\" data-bg-color=\"\" data-bg-opacity=\"1\" data-hover-bg=\"\" data-hover-bg-opacity=\"1\" data-animation=\"\" data-delay=\"0\">\n<div class=\"vc_column-inner\"><\/div>\n<\/div>\n<\/div>\n<\/div>\n<div id=\"fws_5ed5288882ba1\" class=\"wpb_row vc_row-fluid vc_row standard_section \" data-midnight=\"dark\" data-bg-mobile-hidden=\"\">\n<div class=\"col span_12 dark left\">\n<div class=\"vc_col-sm-8 wpb_column column_container vc_column_container col no-extra-padding instance-5\" data-t-w-inherits=\"default\" data-border-radius=\"none\" data-shadow=\"none\" data-border-animation=\"\" data-border-animation-delay=\"\" data-border-width=\"none\" data-border-style=\"solid\" data-border-color=\"\" data-bg-cover=\"\" data-padding-pos=\"all\" data-has-bg-color=\"false\" data-bg-color=\"\" data-bg-opacity=\"1\" data-hover-bg=\"\" data-hover-bg-opacity=\"1\" data-animation=\"\" data-delay=\"0\">\n<div class=\"column-bg-overlay\"><strong><span style=\"vertical-align: inherit;\"><span style=\"vertical-align: inherit;\">Se trata de un itinerario familiar<\/span><\/span><\/strong><span style=\"vertical-align: inherit;\"><span style=\"vertical-align: inherit;\"> , para ayudar a crecer en la experiencia de fe a peque\u00f1os y mayores, construido sobre las experiencias humanas m\u00e1s afectadas que viven las familias en los primeros a\u00f1os de vida de los hijos e hijas.<\/span><\/span><\/div>\n<\/div>\n<div><span style=\"vertical-align: inherit;\"><strong><span style=\"color: #ff6600;\">Si haces click en este enlace podr\u00e1s descubrir un mundo de propuestas y recursos para poder desarrollar<\/span><\/strong><\/span><\/div>\n<div class=\"vc_col-sm-8 wpb_column column_container vc_column_container col no-extra-padding instance-5\" data-t-w-inherits=\"default\" data-border-radius=\"none\" data-shadow=\"none\" data-border-animation=\"\" data-border-animation-delay=\"\" data-border-width=\"none\" data-border-style=\"solid\" data-border-color=\"\" data-bg-cover=\"\" data-padding-pos=\"all\" data-has-bg-color=\"false\" data-bg-color=\"\" data-bg-opacity=\"1\" data-hover-bg=\"\" data-hover-bg-opacity=\"1\" data-animation=\"\" data-delay=\"0\">\n<div><\/div>\n<div><\/div>\n<\/div>\n<\/div>\n<div>\n<blockquote class=\"wp-embedded-content\" data-secret=\"3T1DfuurAO\"><p><a href=\"https:\/\/esnatu.bizkeliza.org\/\">Esnatu<\/a><\/p><\/blockquote>\n<p><iframe title=\"\u00abEsnatu\u00bb \u2014 ESNATU\" class=\"wp-embedded-content\" sandbox=\"allow-scripts\" security=\"restricted\" style=\"position: absolute; clip: rect(1px, 1px, 1px, 1px);\" src=\"https:\/\/esnatu.bizkeliza.org\/embed\/#?secret=3T1DfuurAO\" data-secret=\"3T1DfuurAO\" width=\"600\" height=\"338\" frameborder=\"0\" marginwidth=\"0\" marginheight=\"0\" scrolling=\"no\"><\/iframe><\/p>\n<\/div>\n<div class=\"col span_12 dark left\">\n<div class=\"vc_col-sm-8 wpb_column column_container vc_column_container col no-extra-padding instance-5\" data-t-w-inherits=\"default\" data-border-radius=\"none\" data-shadow=\"none\" data-border-animation=\"\" data-border-animation-delay=\"\" data-border-width=\"none\" data-border-style=\"solid\" data-border-color=\"\" data-bg-cover=\"\" data-padding-pos=\"all\" data-has-bg-color=\"false\" data-bg-color=\"\" data-bg-opacity=\"1\" data-hover-bg=\"\" data-hover-bg-opacity=\"1\" data-animation=\"\" data-delay=\"0\">\n<div class=\"vc_column-inner\">\n<div class=\"wpb_wrapper\">\n<div class=\"wpb_text_column wpb_content_element \">\n<div class=\"wpb_wrapper\">\n<p><span style=\"vertical-align: inherit;\"><span style=\"vertical-align: inherit;\">El Directorio de Iniciaci\u00f3n Cristiana recuerda que \u201cla celebraci\u00f3n del bautismo (del ni\u00f1o) exige de su padre y madre un claro compromiso de iniciar en la fe. <\/span><span style=\"vertical-align: inherit;\">Y esto ya desde el comienzo de su educaci\u00f3n \u201d(DIC 99). <\/span><span style=\"vertical-align: inherit;\">El proyecto Esnatu quiere ser una ayuda para desarrollar este compromiso en familia y junto a la comunidad cristiana. <\/span><span style=\"vertical-align: inherit;\">El proyecto Esnatu podr\u00edamos decir que comienza ya cuando los padres piden el bautismo para sus hijos y los encuentros &#8220;prebautismales&#8221; tendr\u00edan que desembocar de una manera natural en la propuesta de incluir a este proceso.<\/span><\/span><\/p>\n<p><span style=\"vertical-align: inherit;\"><span style=\"vertical-align: inherit;\">Para ello, Esnatu tiene dos ejes fundamentales: <\/span><\/span><br \/>\n<span style=\"vertical-align: inherit;\"><span style=\"vertical-align: inherit;\">&#8211; El despertar religioso de los peque\u00f1os <\/span><\/span><br \/>\n<span style=\"vertical-align: inherit;\"><span style=\"vertical-align: inherit;\">&#8211; La iniciaci\u00f3n, reiniciaci\u00f3n o acompa\u00f1amiento de los padres y madres, que permite descubrir, actualizar o crecer en su experiencia de fe, como adultos y primeros testigos del Evangelio para sus hijos e hijas.<\/span><\/span><\/p>\n<p><span style=\"vertical-align: inherit;\"><span style=\"vertical-align: inherit;\">Para acompa\u00f1ar este camino familiar, ofrecemos en esta p\u00e1gina web un\u00a0 <\/span><\/span><a href=\"https:\/\/esnatu.bizkeliza.org\/itinerario-esnatu\/\"><strong><span style=\"vertical-align: inherit;\"><span style=\"vertical-align: inherit;\">itinerario de 30 sesiones<\/span><\/span><\/strong><\/a><span style=\"vertical-align: inherit;\"><span style=\"vertical-align: inherit;\"> , con los materiales y recursos necesarios para desarrollarlas.\u00a0 <\/span><\/span><\/p>\n<p><span style=\"vertical-align: inherit;\"><span style=\"vertical-align: inherit;\">Para su elaboraci\u00f3n, contacte con la experiencia y los recursos de UP Artxandape, Up Autonomia-Indautxu, Up Deusto, Up Errekarte y Up Sestao, a los que agradecemos su trabajo y colaboraci\u00f3n.<\/span><\/span><\/p>\n<p>&nbsp;<\/p>\n<\/div>\n<h2><\/h2>\n<div id=\"fws_5ed5288882ba1\" class=\"wpb_row vc_row-fluid vc_row standard_section \" data-midnight=\"dark\" data-bg-mobile-hidden=\"\">\n<div class=\"col span_12 dark left\">\n<div class=\"vc_col-sm-8 wpb_column column_container vc_column_container col no-extra-padding instance-5\" data-t-w-inherits=\"default\" data-border-radius=\"none\" data-shadow=\"none\" data-border-animation=\"\" data-border-animation-delay=\"\" data-border-width=\"none\" data-border-style=\"solid\" data-border-color=\"\" data-bg-cover=\"\" data-padding-pos=\"all\" data-has-bg-color=\"false\" data-bg-color=\"\" data-bg-opacity=\"1\" data-hover-bg=\"\" data-hover-bg-opacity=\"1\" data-animation=\"\" data-delay=\"0\">\n<div class=\"vc_column-inner\">\n<div class=\"wpb_wrapper\">\n<div class=\"wpb_text_column wpb_content_element \"><\/div>\n<\/div>\n<\/div>\n<\/div>\n<div class=\"vc_col-sm-2 wpb_column column_container vc_column_container col no-extra-padding instance-6\" data-t-w-inherits=\"default\" data-border-radius=\"none\" data-shadow=\"none\" data-border-animation=\"\" data-border-animation-delay=\"\" data-border-width=\"none\" data-border-style=\"solid\" data-border-color=\"\" data-bg-cover=\"\" data-padding-pos=\"all\" data-has-bg-color=\"false\" data-bg-color=\"\" data-bg-opacity=\"1\" data-hover-bg=\"\" data-hover-bg-opacity=\"1\" data-animation=\"\" data-delay=\"0\">\n<div class=\"column-bg-overlay\"><\/div>\n<div><\/div>\n<div class=\"vc_column-inner\">\n<div class=\"wpb_wrapper\"><\/div>\n<div><\/div>\n<\/div>\n<\/div>\n<\/div>\n<\/div>\n<div id=\"fws_5ed5288882fd0\" class=\"wpb_row vc_row-fluid vc_row full-width-section standard_section \" data-midnight=\"dark\" data-bg-mobile-hidden=\"\" data-using-ctc=\"true\">\n<div class=\"row-bg-wrap\" data-bg-animation=\"none\">\n<div class=\"inner-wrap \">\n<div class=\"row-bg using-bg-color \"><\/div>\n<\/div>\n<\/div>\n<\/div>\n<\/div>\n<\/div>\n<\/div>\n<\/div>\n<\/div>\n<\/div>\n","protected":false},"excerpt":{"rendered":"<p>es un itinerario de iniciaci\u00f3n cristiana dirigida alas familias con hijos e hijas de entre 0 y 6 a\u00f1os. &nbsp; La vida vista por un peque\u00f1o&#8230;. Se trata de un itinerario familiar , para ayudar a crecer en la experiencia de fe a peque\u00f1os y mayores, construido sobre las experiencias humanas m\u00e1s afectadas que viven las familias en los primeros a\u00f1os de vida de los hijos e hijas. Si haces click en este enlace podr\u00e1s descubrir un mundo de propuestas y recursos para poder desarrollar El Directorio de Iniciaci\u00f3n Cristiana recuerda que \u201cla celebraci\u00f3n del bautismo (del ni\u00f1o) exige de su padre y madre un claro compromiso de iniciar en la fe. Y esto ya desde el comienzo de su educaci\u00f3n \u201d(DIC 99). El proyecto Esnatu quiere ser una ayuda para desarrollar este compromiso en familia y junto a la comunidad cristiana. El proyecto Esnatu podr\u00edamos decir que comienza ya cuando los padres piden el bautismo para sus hijos y los encuentros &#8220;prebautismales&#8221; tendr\u00edan que desembocar de una manera natural en la propuesta de incluir a este proceso. Para ello, Esnatu tiene dos ejes fundamentales: &#8211; El despertar religioso de los peque\u00f1os &#8211; La iniciaci\u00f3n, reiniciaci\u00f3n o acompa\u00f1amiento de los padres y madres, que permite descubrir, actualizar o crecer en su experiencia de fe, como adultos y primeros testigos del Evangelio para sus hijos e hijas. Para acompa\u00f1ar este camino familiar, ofrecemos en esta p\u00e1gina web un\u00a0 itinerario de 30 sesiones , con los materiales y recursos necesarios para desarrollarlas.\u00a0 Para su elaboraci\u00f3n, contacte con la experiencia y los recursos de UP Artxandape, Up Autonomia-Indautxu, Up Deusto, Up Errekarte y Up Sestao, a los que agradecemos su trabajo y colaboraci\u00f3n. &nbsp;<\/p>\n","protected":false},"author":1,"featured_media":0,"parent":0,"menu_order":0,"comment_status":"closed","ping_status":"closed","template":"","meta":{"footnotes":""},"class_list":["post-393","page","type-page","status-publish","hentry"],"aioseo_notices":[],"acf":[],"_links":{"self":[{"href":"https:\/\/vicaria6.bizkeliza.net\/index.php?rest_route=\/wp\/v2\/pages\/393","targetHints":{"allow":["GET"]}}],"collection":[{"href":"https:\/\/vicaria6.bizkeliza.net\/index.php?rest_route=\/wp\/v2\/pages"}],"about":[{"href":"https:\/\/vicaria6.bizkeliza.net\/index.php?rest_route=\/wp\/v2\/types\/page"}],"author":[{"embeddable":true,"href":"https:\/\/vicaria6.bizkeliza.net\/index.php?rest_route=\/wp\/v2\/users\/1"}],"replies":[{"embeddable":true,"href":"https:\/\/vicaria6.bizkeliza.net\/index.php?rest_route=%2Fwp%2Fv2%2Fcomments&post=393"}],"version-history":[{"count":11,"href":"https:\/\/vicaria6.bizkeliza.net\/index.php?rest_route=\/wp\/v2\/pages\/393\/revisions"}],"predecessor-version":[{"id":1132,"href":"https:\/\/vicaria6.bizkeliza.net\/index.php?rest_route=\/wp\/v2\/pages\/393\/revisions\/1132"}],"wp:attachment":[{"href":"https:\/\/vicaria6.bizkeliza.net\/index.php?rest_route=%2Fwp%2Fv2%2Fmedia&parent=393"}],"curies":[{"name":"wp","href":"https:\/\/api.w.org\/{rel}","templated":true}]}}